{"id":1378,"date":"2013-04-29T00:43:26","date_gmt":"2013-04-28T22:43:26","guid":{"rendered":"http:\/\/www.rifai.org\/sufism\/?page_id=1378"},"modified":"2013-09-18T20:39:22","modified_gmt":"2013-09-18T18:39:22","slug":"dussukiye","status":"publish","type":"page","link":"https:\/\/www.rifai.org\/sufism\/turkce\/tarikatler\/dussukiye\/","title":{"rendered":"Dussuk\u00eeye"},"content":{"rendered":"<p>Dussuk\u00eeye tarikat\u0131n\u0131n p\u00eeri Seyyid \u0130brahimi Dussuk\u00ee Hazretleri, Hicri 633 (Miladi 1236) senesi, \u015eaban ay\u0131n\u0131n otuzuncu gecesi, M\u0131s\u0131r\u2019da Nil nehrinin bat\u0131s\u0131ndaki Dussuk k\u00f6y\u00fcnde d\u00fcnyaya gelmi\u015ftir.<br \/>\nHazret-i H\u00fcseyin vas\u0131tas\u0131 ile nesebi Peygamber Efendimize (S.A.V.) dayand\u0131\u011f\u0131 i\u00e7in Seyyiddir. K\u00fcnyesi, Burhaneddin \u0130brahim bin Eb\u00fc\u2019l Mecd Abd\u00fclaziz ed Dussuk\u00ee \u015feklindedir. Kendisine, \u2018hakk\u0131 bat\u0131ldan, do\u011fruyu yanl\u0131\u015ftan ay\u0131ran\u2019 anlam\u0131na gelen Burhanneddin nisbesi verilmi\u015ftir. Silsilesi \u015f\u00f6yledir: \u0130brahim bin Ebu\u2019l Mecid, bin Ali, bin Ebu Neccar, Musa Kaz\u0131m, Cafer \u00dcz Zeki, Ali bin Muhammed Cevad, Ali R\u0131za, Musa Kaz\u0131m, Caferi Sad\u0131k, Muhammed Bak\u0131r, Zeynel Abidin, Hz. H\u00fcseyin (r.a.), Emir\u00fcl M\u00fcminin Hz.\u0130mam-\u0131 Ali (r.a.) ile Hz. Peygamber Efendimizin (s.a.v.) k\u0131z\u0131 Hz. Seyyide F\u00e2t\u0131ma (r.a.).<\/p>\n","protected":false},"excerpt":{"rendered":"<p>Dussuk\u00eeye tarikat\u0131n\u0131n p\u00eeri Seyyid \u0130brahimi Dussuk\u00ee Hazretleri, Hicri 633 (Miladi 1236) senesi, \u015eaban ay\u0131n\u0131n otuzuncu gecesi, M\u0131s\u0131r\u2019da Nil nehrinin bat\u0131s\u0131ndaki [&hellip;]<\/p>\n","protected":false},"author":1,"featured_media":0,"parent":1370,"menu_order":4,"comment_status":"open","ping_status":"open","template":"page-dussuki.php","meta":{"_monsterinsights_skip_tracking":false,"_monsterinsights_sitenote_active":false,"_monsterinsights_sitenote_note":"","_monsterinsights_sitenote_category":0,"footnotes":""},"class_list":["post-1378","page","type-page","status-publish","hentry"],"_links":{"self":[{"href":"https:\/\/www.rifai.org\/sufism\/wp-json\/wp\/v2\/pages\/1378","targetHints":{"allow":["GET"]}}],"collection":[{"href":"https:\/\/www.rifai.org\/sufism\/wp-json\/wp\/v2\/pages"}],"about":[{"href":"https:\/\/www.rifai.org\/sufism\/wp-json\/wp\/v2\/types\/page"}],"author":[{"embeddable":true,"href":"https:\/\/www.rifai.org\/sufism\/wp-json\/wp\/v2\/users\/1"}],"replies":[{"embeddable":true,"href":"https:\/\/www.rifai.org\/sufism\/wp-json\/wp\/v2\/comments?post=1378"}],"version-history":[{"count":4,"href":"https:\/\/www.rifai.org\/sufism\/wp-json\/wp\/v2\/pages\/1378\/revisions"}],"predecessor-version":[{"id":1687,"href":"https:\/\/www.rifai.org\/sufism\/wp-json\/wp\/v2\/pages\/1378\/revisions\/1687"}],"up":[{"embeddable":true,"href":"https:\/\/www.rifai.org\/sufism\/wp-json\/wp\/v2\/pages\/1370"}],"wp:attachment":[{"href":"https:\/\/www.rifai.org\/sufism\/wp-json\/wp\/v2\/media?parent=1378"}],"curies":[{"name":"wp","href":"https:\/\/api.w.org\/{rel}","templated":true}]}}